{"id":5880,"date":"2023-10-10T07:20:16","date_gmt":"2023-10-10T07:20:16","guid":{"rendered":"https:\/\/procjenitelji.me\/dt_team\/adem-fetic-dipl-inz-sumarstva\/"},"modified":"2025-04-07T11:02:22","modified_gmt":"2025-04-07T11:02:22","slug":"adem-fetic","status":"publish","type":"dt_team","link":"https:\/\/procjenitelji.me\/tr\/dt_team\/adem-fetic\/","title":{"rendered":"Adem Feti\u0107, Orman M\u00fchendisi (Dipl. \u0130n\u015f.)"},"content":{"rendered":"<p style=\"text-align: left;\"><img decoding=\"async\" loading=\"lazy\" class=\"wp-image-5074 alignleft\" src=\"https:\/\/procjenitelji.me\/wp-content\/uploads\/2023\/10\/Slika-Adem-Fetic-e1696924885326.jpg\" alt=\"\" width=\"318\" height=\"368\" \/><\/p>\n<ul>\n<li style=\"text-align: justify;\" data-start=\"35\" data-end=\"714\"><strong data-start=\"35\" data-end=\"48\">1977-1992<\/strong> y\u0131llar\u0131 aras\u0131nda Gorno Ibar Orman ve Ah\u015fap Sanayi \u015firketinde y\u00f6neticilik g\u00f6revlerinde;<\/li>\n<li style=\"text-align: justify;\" data-start=\"35\" data-end=\"714\"><strong data-start=\"138\" data-end=\"151\">1992-1994<\/strong> y\u0131llar\u0131 aras\u0131nda Ro\u017eaje Belediyesi&#8217;nin sosyal hizmetler departman\u0131nda g\u00f6rev yapt\u0131;<\/li>\n<li style=\"text-align: justify;\" data-start=\"35\" data-end=\"714\"><strong data-start=\"237\" data-end=\"250\">1994-1998<\/strong> y\u0131llar\u0131 aras\u0131nda Gorno Ibar &#8211; Ro\u017eaje&#8217;de Ticaret Direkt\u00f6r\u00fc ve Genel M\u00fcd\u00fcr Yard\u0131mc\u0131s\u0131 olarak \u00e7al\u0131\u015ft\u0131;<\/li>\n<li style=\"text-align: justify;\" data-start=\"35\" data-end=\"714\"><strong data-start=\"353\" data-end=\"366\" data-is-only-node=\"\">1998-2002<\/strong> y\u0131llar\u0131 aras\u0131nda Tar\u0131m, Orman ve Su \u0130\u015fleri Bakanl\u0131\u011f\u0131&#8217;nda Orman M\u00fcd\u00fcrl\u00fc\u011f\u00fc&#8217;nden sorumlu Bakan Yard\u0131mc\u0131s\u0131 olarak g\u00f6rev yapt\u0131;<\/li>\n<li style=\"text-align: justify;\" data-start=\"35\" data-end=\"714\"><strong data-start=\"492\" data-end=\"505\">2002-2012<\/strong> y\u0131llar\u0131 aras\u0131nda Podgorica Orman Enstit\u00fcs\u00fc&#8217;n\u00fcn Direkt\u00f6r\u00fcyd\u00fc;<\/li>\n<li style=\"text-align: justify;\" data-start=\"35\" data-end=\"714\"><strong data-start=\"569\" data-end=\"582\">2013-2019<\/strong> y\u0131llar\u0131 aras\u0131nda Tar\u0131m ve K\u0131rsal Kalk\u0131nma Bakanl\u0131\u011f\u0131&#8217;nda Orman, Avc\u0131l\u0131k ve Ah\u015fap Sanayi M\u00fcd\u00fcrl\u00fc\u011f\u00fc Genel M\u00fcd\u00fcr\u00fc olarak g\u00f6rev yapt\u0131.<\/li>\n<\/ul>\n<p class=\"\" style=\"text-align: justify;\" data-start=\"716\" data-end=\"758\"><strong data-start=\"716\" data-end=\"758\">Ekstra E\u011fitim ve Uzmanl\u0131k Seminerleri:<\/strong><\/p>\n<p class=\"\" style=\"text-align: justify;\" data-start=\"760\" data-end=\"1311\">Orman y\u00f6netimi, orman koruma, orman yenileme, orman yeti\u015ftiricili\u011fi, yang\u0131n koruma gibi konularda bir\u00e7ok seminer ve e\u011fitim sertifikas\u0131;<br data-start=\"895\" data-end=\"898\" \/><strong data-start=\"898\" data-end=\"906\">1995<\/strong> y\u0131l\u0131ndan itibaren orman alan\u0131nda uzmanl\u0131k ve bilirki\u015fi olarak \u00e7al\u0131\u015ft\u0131. <strong data-start=\"978\" data-end=\"986\">2003<\/strong> y\u0131l\u0131ndan itibaren Karada\u011f \u0130\u00e7 Denet\u00e7iler Derne\u011fi&#8217;nin bir \u00fcyesi olarak, Podgorica, Bijelo Polje, Bar, Berane, Kola\u0161in, Cetinje ve Nik\u0161i\u0107&#8217;teki temel mahkemeler, Y\u00fcksek Mahkeme, Ticaret Mahkemesi, Podgorica ve Bijelo Polje Savc\u0131l\u0131klar\u0131, \u00d6zel Devlet Savc\u0131l\u0131\u011f\u0131 ve Karada\u011f Emlak \u0130daresi taraf\u0131ndan uzmanl\u0131k talepleriyle g\u00f6rev ald\u0131.<\/p>\n","protected":false},"excerpt":{"rendered":"<p>Yetkili Ta\u015f\u0131nmaz, Tesisi ve Ekipman, Maddi Olmayan Yat\u0131r\u0131mlar, \u0130\u015fletmeler ve Sermaye De\u011ferleme Uzman\u0131<\/p>\n","protected":false},"featured_media":7757,"comment_status":"closed","ping_status":"closed","template":"","dt_team_category":[],"_links":{"self":[{"href":"https:\/\/procjenitelji.me\/tr\/wp-json\/wp\/v2\/dt_team\/5880"}],"collection":[{"href":"https:\/\/procjenitelji.me\/tr\/wp-json\/wp\/v2\/dt_team"}],"about":[{"href":"https:\/\/procjenitelji.me\/tr\/wp-json\/wp\/v2\/types\/dt_team"}],"replies":[{"embeddable":true,"href":"https:\/\/procjenitelji.me\/tr\/wp-json\/wp\/v2\/comments?post=5880"}],"wp:featuredmedia":[{"embeddable":true,"href":"https:\/\/procjenitelji.me\/tr\/wp-json\/wp\/v2\/media\/7757"}],"wp:attachment":[{"href":"https:\/\/procjenitelji.me\/tr\/wp-json\/wp\/v2\/media?parent=5880"}],"wp:term":[{"taxonomy":"dt_team_category","embeddable":true,"href":"https:\/\/procjenitelji.me\/tr\/wp-json\/wp\/v2\/dt_team_category?post=5880"}],"curies":[{"name":"wp","href":"https:\/\/api.w.org\/{rel}","templated":true}]}}