{"id":5890,"date":"2023-02-05T22:33:13","date_gmt":"2023-02-05T22:33:13","guid":{"rendered":"https:\/\/procjenitelji.me\/dt_team\/dr-djordjije-rakocevic\/"},"modified":"2025-04-07T10:58:33","modified_gmt":"2025-04-07T10:58:33","slug":"dr-djordjije-rakocevic","status":"publish","type":"dt_team","link":"https:\/\/procjenitelji.me\/tr\/dt_team\/dr-djordjije-rakocevic\/","title":{"rendered":"Dr. \u0110or\u0111ije Rako\u010devi\u0107"},"content":{"rendered":"<p><img decoding=\"async\" loading=\"lazy\" class=\" wp-image-2931 alignleft\" src=\"https:\/\/procjenitelji.me\/wp-content\/uploads\/2019\/04\/djordje_rakocevic-233x300-1.jpg\" alt=\"\" width=\"300\" height=\"365\" \/><\/p>\n<article class=\"text-token-text-primary w-full\" dir=\"auto\" data-testid=\"conversation-turn-168\" data-scroll-anchor=\"true\">\n<div class=\"text-base my-auto mx-auto py-5 px-6\">\n<div class=\"mx-auto flex flex-1 text-base gap-4 md:gap-5 lg:gap-6 md:max-w-3xl group\/turn-messages focus-visible:outline-hidden\" tabindex=\"-1\">\n<div class=\"group\/conversation-turn relative flex w-full min-w-0 flex-col agent-turn @xs\/thread:px-0 @sm\/thread:px-1.5 @md\/thread:px-4\">\n<div class=\"relative flex-col gap-1 md:gap-3\">\n<div class=\"flex max-w-full flex-col grow\">\n<div class=\"min-h-8 text-message relative flex w-full flex-col items-end gap-2 text-start break-words whitespace-normal [.text-message+&amp;]:mt-5\" dir=\"auto\" data-message-author-role=\"assistant\" data-message-id=\"51e65273-f5c2-41eb-9cc1-de852e41e37b\" data-message-model-slug=\"gpt-4o-mini\">\n<div class=\"flex w-full flex-col gap-1 empty:hidden first:pt-[3px]\">\n<div class=\"markdown prose dark:prose-invert w-full break-words light\">\n<ul>\n<li style=\"text-align: justify;\" data-start=\"0\" data-end=\"997\">Pre\u015fedinte al Camerei evaluatorilor \u015fi exper\u0163ilor judicia\u0163i din Muntenegru, pre\u015fedinte al Consiliului de Administra\u0163ie al Institutului auditorilor interni din Muntenegru, pre\u015fedinte al Consiliului de Administra\u0163ie al Centrului educativ din Muntenegru. Auditor autorizat (Licen\u0163\u0103 emis\u0103 de Ministerul Finan\u0163elor din Muntenegru), Auditor intern autorizat la Institutul auditorilor interni din Muntenegru, Contabil certificat la Institutul contabililor certifica\u0163i din Muntenegru.<\/li>\n<li style=\"text-align: justify;\" data-start=\"0\" data-end=\"997\">Este evaluator autorizat la mai multe b\u0103nci comerciale din Muntenegru, evaluator autorizat la Agen\u0163ia Guvernamental\u0103 pentru restructurarea economiei \u015fi investi\u0163ii externe din Muntenegru, evaluator autorizat la Camera evaluatorilor \u015fi exper\u0163ilor judicia\u0163i din Muntenegru. Este doctor \u00een \u015ftiin\u0163e economice, domeniul contabilitate \u015fi audit. A fost angajat ca profesor la Universitatea Singidunum din Belgrad &#8211; Facultatea de Afaceri din Valjevo, \u00een calitate de profesor asociat \u00een domeniul \u015ftiin\u0163ific Contabilitate \u015fi Audit.<\/li>\n<li style=\"text-align: justify;\" data-start=\"0\" data-end=\"997\">A fost inspector superior al Serviciului de contabilitate social\u0103, director financiar al \u00eentreprinderii \u201eMilan Blagojevi\u0107\u201d din Smederevo, pre\u015fedinte al Consiliului de Administra\u0163ie al Lactobarajului Nik\u0161i\u0107, pre\u015fedinte al Comisiei pentru identificarea capitalului de stat, pre\u015fedinte al Comisiei \u00eenfiin\u0163at\u0103 de Guvernul Muntenegru pentru \u00eemp\u0103r\u0163irea propriet\u0103\u0163ii \u00eentre comunele Berane \u015fi Petnjica, pre\u015fedinte al Comisiei \u00eenfiin\u0163at\u0103 de Guvernul Muntenegru pentru \u00eemp\u0103r\u0163irea propriet\u0103\u0163ii \u00eentre comunele Plav \u015fi Gusinje.<\/li>\n<\/ul>\n<ul>\n<li style=\"text-align: justify;\" data-start=\"0\" data-end=\"997\">Este fondator \u015fi partener principal al societ\u0103\u0163ii de audit \u201eHLB Mont Audit\u201d SRL din Podgorica, membr\u0103 a HLB International London. Are mai mult de 30 de ani de experien\u0163\u0103 \u00een domeniul controlului financiar, auditului situa\u0163iilor financiare, contabilit\u0103\u0163ii, consultan\u0163ei \u015fi serviciilor conexe.<\/li>\n<li style=\"text-align: justify;\" data-start=\"0\" data-end=\"997\">Este organizator \u015fi lector la numeroase conferin\u0163e, seminarii \u015fi ateliere organizate de Institutul auditorilor interni din Muntenegru, Asocia\u0163ia muntenegrean\u0103 a lucr\u0103torilor din domeniul contabilit\u0103\u0163ii \u015fi financiar \u015fi Camera evaluatorilor \u015fi exper\u0163ilor judicia\u0163i din Muntenegru. Este autor \u015fi coautor al mai multor manuale, lucr\u0103ri \u015ftiin\u0163ifice \u015fi tehnice publicate at\u00e2t \u00een \u0163ar\u0103, c\u00e2t \u015fi \u00een str\u0103in\u0103tate.<\/li>\n<\/ul>\n<\/div>\n<\/div>\n<\/div>\n<\/div>\n<\/div>\n<\/div>\n<\/div>\n<\/div>\n<\/article>\n<table>\n<tbody>\n<tr>\n<td width=\"623\"><img decoding=\"async\" loading=\"lazy\" class=\"\" src=\"https:\/\/img.favpng.com\/3\/2\/16\/contact-icon-png-favpng-h8jCPVH0U9eSdkCwr53J9yT2C.jpg\" alt=\"Contact Icon, PNG, 1092x1240px, Mail Icon, Blackandwhite, Contact Us Icon, Email, Logo Download Free\" width=\"37\" height=\"42\" \/> djordjije.rakocevic@t-com.me<\/td>\n<\/tr>\n<tr>\n<td width=\"623\"><img decoding=\"async\" loading=\"lazy\" class=\"alignnone wp-image-5512\" src=\"https:\/\/procjenitelji.me\/wp-content\/uploads\/2023\/02\/phone-icon-telephone-icon-symbol-for-app-and-messenger-vector-1.jpg\" alt=\"\" width=\"37\" height=\"40\" \/>\u00a0 +382 (0)69 032 439<\/td>\n<\/tr>\n<\/tbody>\n<\/table>\n<p>&nbsp;<\/p>\n","protected":false},"excerpt":{"rendered":"<p>Yetkili Ta\u015f\u0131nmaz, Tesisi ve Ekipman, Maddi Olmayan Yat\u0131r\u0131mlar, \u0130\u015fletmeler ve Sermaye De\u011ferleme Uzman\u0131<\/p>\n","protected":false},"featured_media":5892,"comment_status":"closed","ping_status":"closed","template":"","dt_team_category":[],"_links":{"self":[{"href":"https:\/\/procjenitelji.me\/tr\/wp-json\/wp\/v2\/dt_team\/5890"}],"collection":[{"href":"https:\/\/procjenitelji.me\/tr\/wp-json\/wp\/v2\/dt_team"}],"about":[{"href":"https:\/\/procjenitelji.me\/tr\/wp-json\/wp\/v2\/types\/dt_team"}],"replies":[{"embeddable":true,"href":"https:\/\/procjenitelji.me\/tr\/wp-json\/wp\/v2\/comments?post=5890"}],"wp:featuredmedia":[{"embeddable":true,"href":"https:\/\/procjenitelji.me\/tr\/wp-json\/wp\/v2\/media\/5892"}],"wp:attachment":[{"href":"https:\/\/procjenitelji.me\/tr\/wp-json\/wp\/v2\/media?parent=5890"}],"wp:term":[{"taxonomy":"dt_team_category","embeddable":true,"href":"https:\/\/procjenitelji.me\/tr\/wp-json\/wp\/v2\/dt_team_category?post=5890"}],"curies":[{"name":"wp","href":"https:\/\/api.w.org\/{rel}","templated":true}]}}