{"id":5663,"date":"2021-04-15T13:39:49","date_gmt":"2021-04-15T13:39:49","guid":{"rendered":"https:\/\/procjenitelji.me\/procjena-vrijednosti-nekretnina\/"},"modified":"2025-11-07T12:24:54","modified_gmt":"2025-11-07T12:24:54","slug":"gayrimenkul-degerlemesi","status":"publish","type":"page","link":"https:\/\/procjenitelji.me\/tr\/gayrimenkul-degerlemesi\/","title":{"rendered":"Gayrimenkul de\u011ferlemesi"},"content":{"rendered":"<section class=\"wpb-content-wrapper\"><p>[vc_row][vc_column][vc_column_text][\/vc_column_text]<style type=\"text\/css\" data-type=\"the7_shortcodes-inline-css\">.shortcode-single-image-wrap.shortcode-single-image-f18ab6f7cf033c02e867bb5128be7443.enable-bg-rollover .rollover i,\n.shortcode-single-image-wrap.shortcode-single-image-f18ab6f7cf033c02e867bb5128be7443.enable-bg-rollover .rollover-video i {\n  background: -webkit-linear-gradient();\n  background: linear-gradient();\n}\n.shortcode-single-image-wrap.shortcode-single-image-f18ab6f7cf033c02e867bb5128be7443 .rollover-icon {\n  font-size: 32px;\n  color: #ffffff;\n  min-width: 44px;\n  min-height: 44px;\n  line-height: 44px;\n  border-radius: 100px;\n  border-style: solid;\n  border-width: 0px;\n}\n.dt-icon-bg-on.shortcode-single-image-wrap.shortcode-single-image-f18ab6f7cf033c02e867bb5128be7443 .rollover-icon {\n  background: rgba(255,255,255,0.3);\n  box-shadow: none;\n}\n<\/style><div class=\"shortcode-single-image-wrap shortcode-single-image-f18ab6f7cf033c02e867bb5128be7443 alignnone  enable-bg-rollover dt-icon-bg-off\" style=\"margin-top:0px; margin-bottom:0px; margin-left:0px; margin-right:0px; width:500px;\"><div class=\"shortcode-single-image\"><div class=\"fancy-media-wrap  layzr-bg\" style=\"\"><img class=\"preload-me lazy-load\" src=\"data:image\/svg+xml,%3Csvg%20xmlns%3D&#39;http%3A%2F%2Fwww.w3.org%2F2000%2Fsvg&#39;%20viewBox%3D&#39;0%200%20478%20176&#39;%2F%3E\" data-src=\"https:\/\/procjenitelji.me\/wp-content\/uploads\/2021\/10\/33.jpg\" data-srcset=\"https:\/\/procjenitelji.me\/wp-content\/uploads\/2021\/10\/33.jpg 478w\" width=\"478\" height=\"176\"  data-dt-location=\"https:\/\/procjenitelji.me\/tr\/procjena-vrijednosti-nekretnina\/attachment\/33\/\" style=\"\" alt=\"\" \/><\/div><\/div><\/div>[vc_empty_space][\/vc_column][\/vc_row][vc_row][vc_column][vc_column_text]<\/p>\n<p style=\"text-align: justify;\">Ta\u015f\u0131nmaz de\u011ferleme hizmetlerimizi, <strong data-start=\"35\" data-end=\"80\">Varl\u0131k De\u011ferleme Metodolojisi Y\u00f6netmeli\u011fi<\/strong>\u2019ne uygun olarak ger\u00e7ekle\u015ftiriyoruz.<\/p>\n<p>[\/vc_column_text][vc_empty_space][\/vc_column][\/vc_row][vc_row][vc_column][vc_column_text]<strong>De\u011ferleme i\u015flemleri, a\u015fa\u011f\u0131daki \u00e7e\u015fitli ama\u00e7lar do\u011frultusunda yap\u0131labilir:<\/strong>[\/vc_column_text][vc_empty_space][\/vc_column][\/vc_row][vc_row][vc_column]<div class=\"standard-arrow list-divider bullet-top\"><ul>\n<li class=\"\" data-start=\"197\" data-end=\"336\">\n<p class=\"\" style=\"text-align: justify;\" data-start=\"199\" data-end=\"336\">Uluslararas\u0131 Muhasebe Standartlar\u0131 (IAS) ve Uluslararas\u0131 Finansal Raporlama Standartlar\u0131 (IFRS) kapsam\u0131nda finansal raporlama i\u00e7in,<\/p>\n<\/li>\n<li class=\"\" style=\"text-align: justify;\" data-start=\"337\" data-end=\"475\">\n<p class=\"\" data-start=\"339\" data-end=\"475\">Varl\u0131k al\u0131m-sat\u0131m\u0131, birle\u015fme, devralma veya yeniden yap\u0131land\u0131rma gibi i\u015flemlerin analizi, de\u011ferlendirilmesi veya uygulanmas\u0131 i\u00e7in,<\/p>\n<\/li>\n<li class=\"\" style=\"text-align: justify;\" data-start=\"476\" data-end=\"558\">\n<p class=\"\" data-start=\"478\" data-end=\"558\">\u015eirket y\u00f6netiminin stratejik kararlar almas\u0131na y\u00f6nelik i\u00e7 ihtiya\u00e7lar i\u00e7in,<\/p>\n<\/li>\n<li class=\"\" style=\"text-align: justify;\" data-start=\"559\" data-end=\"646\">\n<p class=\"\" data-start=\"561\" data-end=\"646\">Yarg\u0131, yat\u0131r\u0131m veya ticari anla\u015fmazl\u0131klarda delil olarak kullan\u0131lmas\u0131 amac\u0131yla,<\/p>\n<\/li>\n<li class=\"\" style=\"text-align: justify;\" data-start=\"647\" data-end=\"711\">\n<p class=\"\" data-start=\"649\" data-end=\"711\">Ek finansman sa\u011flama, ipotek veya rehin temini amac\u0131yla,<\/p>\n<\/li>\n<li class=\"\" style=\"text-align: justify;\" data-start=\"712\" data-end=\"789\">\n<p class=\"\" data-start=\"714\" data-end=\"789\">\u0130flas s\u00fcrecinde varl\u0131k de\u011ferlemesi i\u00e7in, iflas yasas\u0131na uygun olarak,<\/p>\n<\/li>\n<li class=\"\" data-start=\"790\" data-end=\"899\">\n<p class=\"\" style=\"text-align: justify;\" data-start=\"792\" data-end=\"899\">Di\u011fer ilgili yasal d\u00fczenlemelere ve uluslararas\u0131 de\u011ferleme standartlar\u0131na uygun \u00e7e\u015fitli ama\u00e7lar i\u00e7in.<\/p>\n<\/li>\n<\/ul>\n<\/div>[vc_empty_space][\/vc_column][\/vc_row][vc_row][vc_column][vc_column_text]<\/p>\n<p style=\"text-align: justify;\"><strong>De\u011ferleme s\u00fcreci, uzman g\u00f6r\u00fc\u015f\u00fcne dayal\u0131 olarak varl\u0131\u011f\u0131n de\u011ferinin belirlenmesini i\u00e7eren sistematik bir yakla\u015f\u0131md\u0131r ve \u015fu ad\u0131mlardan olu\u015fur:<\/strong><\/p>\n<p>[\/vc_column_text][vc_empty_space][\/vc_column][\/vc_row][vc_row][vc_column]<div class=\"standard-arrow list-divider bullet-top\"><ul>\n<li class=\"\" data-start=\"1048\" data-end=\"1116\">\n<p class=\"\" style=\"text-align: justify;\" data-start=\"1051\" data-end=\"1116\">De\u011ferleme konusunun fiziksel ve hukuki olarak tan\u0131mlanmas\u0131,<\/p>\n<\/li>\n<li class=\"\" style=\"text-align: justify;\" data-start=\"1117\" data-end=\"1198\">\n<p class=\"\" data-start=\"1120\" data-end=\"1198\">Varl\u0131k \u00fczerindeki m\u00fclkiyet haklar\u0131n\u0131n belirlenmesi (gerekli belgelerle),<\/p>\n<\/li>\n<li class=\"\" style=\"text-align: justify;\" data-start=\"1199\" data-end=\"1243\">\n<p class=\"\" data-start=\"1202\" data-end=\"1243\">De\u011ferleme amac\u0131n\u0131n tespit edilmesi,<\/p>\n<\/li>\n<li class=\"\" style=\"text-align: justify;\" data-start=\"1244\" data-end=\"1296\">\n<p class=\"\" data-start=\"1247\" data-end=\"1296\">De\u011ferleme tarihi ve d\u00f6neminin belirlenmesi,<\/p>\n<\/li>\n<li class=\"\" style=\"text-align: justify;\" data-start=\"1297\" data-end=\"1388\">\n<p class=\"\" data-start=\"1300\" data-end=\"1388\">Se\u00e7ilen de\u011ferleme y\u00f6ntemi ve yakla\u015f\u0131mlar\u0131na uygun verilerin toplanmas\u0131 ve analizi,<\/p>\n<\/li>\n<li class=\"\" style=\"text-align: justify;\" data-start=\"1389\" data-end=\"1450\">\n<p class=\"\" data-start=\"1392\" data-end=\"1450\">Uygun de\u011ferleme y\u00f6nteminin se\u00e7ilmesi ve uygulanmas\u0131,<\/p>\n<\/li>\n<li class=\"\" data-start=\"1451\" data-end=\"1525\">\n<p class=\"\" style=\"text-align: justify;\" data-start=\"1454\" data-end=\"1525\">Sonu\u00e7lar\u0131n de\u011ferlendirilmesi ve de\u011ferleme raporunun haz\u0131rlanmas\u0131.<\/p>\n<\/li>\n<\/ul>\n<\/div>[\/vc_column][\/vc_row][vc_row][vc_column][vc_column_text]<strong>Pedmeti procjene:<\/strong>[\/vc_column_text][vc_empty_space][\/vc_column][\/vc_row][vc_row][vc_column width=&#8221;1\/3&#8243;]<div class=\"standard-arrow list-divider bullet-top\"><ul>\n<li class=\"\" data-start=\"1557\" data-end=\"1582\">\n<p class=\"\" data-start=\"1559\" data-end=\"1582\">Daireler\/Apartmanlar,<\/p>\n<\/li>\n<li class=\"\" data-start=\"1583\" data-end=\"1601\">\n<p class=\"\" data-start=\"1585\" data-end=\"1601\">\u0130\u015f merkezleri,<\/p>\n<\/li>\n<li class=\"\" data-start=\"1602\" data-end=\"1617\">\n<p class=\"\" data-start=\"1604\" data-end=\"1617\">Fabrikalar,<\/p>\n<\/li>\n<\/ul>\n<\/div>[\/vc_column][vc_column width=&#8221;1\/3&#8243;]<div class=\"standard-arrow list-divider bullet-top\"><ul>\n<li class=\"\" data-start=\"1618\" data-end=\"1637\">\n<p class=\"\" data-start=\"1620\" data-end=\"1637\">Ticari alanlar,<\/p>\n<\/li>\n<li class=\"\" data-start=\"1638\" data-end=\"1657\">\n<p class=\"\" data-start=\"1640\" data-end=\"1657\">M\u00fcstakil evler,<\/p>\n<\/li>\n<li class=\"\" data-start=\"1658\" data-end=\"1670\">\n<p class=\"\" data-start=\"1660\" data-end=\"1670\">Arsalar,<\/p>\n<\/li>\n<\/ul>\n<\/div>[\/vc_column][vc_column width=&#8221;1\/3&#8243;]<div class=\"standard-arrow list-divider bullet-top\"><ul>\n<li class=\"\" data-start=\"1671\" data-end=\"1700\">\n<p class=\"\" data-start=\"1673\" data-end=\"1700\">\u0130n\u015faat halindeki yap\u0131lar,<\/p>\n<\/li>\n<li class=\"\" data-start=\"1701\" data-end=\"1723\">\n<p class=\"\" data-start=\"1703\" data-end=\"1723\">Otel kompleksleri,<\/p>\n<\/li>\n<li class=\"\" data-start=\"1724\" data-end=\"1769\">\n<p class=\"\" data-start=\"1726\" data-end=\"1769\">Karma kullan\u0131ml\u0131 konut ve ticari yap\u0131lar.<\/p>\n<\/li>\n<\/ul>\n<\/div>[\/vc_column][\/vc_row][vc_row][vc_column][vc_empty_space][vc_column_text]<\/p>\n<p style=\"text-align: justify;\"><strong>De\u011ferleme \u0130\u00e7in Gerekli Belgeler:<\/strong><\/p>\n<p>[\/vc_column_text][\/vc_column][\/vc_row][vc_row][vc_column][vc_empty_space][\/vc_column][\/vc_row][vc_row][vc_column]<div class=\"standard-arrow list-divider bullet-top\"><ul>\n<li class=\"\" data-start=\"1814\" data-end=\"1854\">\n<p class=\"\" data-start=\"1816\" data-end=\"1854\">Tapu kayd\u0131 (List Nepokretnosti),<\/p>\n<\/li>\n<li class=\"\" data-start=\"1855\" data-end=\"1901\">\n<p class=\"\" data-start=\"1857\" data-end=\"1901\">Kadastro plan\u0131 kopyas\u0131 (Kopija Plana),<\/p>\n<\/li>\n<li class=\"\" data-start=\"1902\" data-end=\"1949\">\n<p class=\"\" data-start=\"1904\" data-end=\"1949\">Sat\u0131\u015f s\u00f6zle\u015fmesi (Kupoprodajni ugovor),<\/p>\n<\/li>\n<li class=\"\" data-start=\"1950\" data-end=\"2006\">\n<p class=\"\" data-start=\"1952\" data-end=\"2006\">\u0130mar plan\u0131 \u00f6zeti (Izvod iz urbanisti\u010dkog plana),<\/p>\n<\/li>\n<li class=\"\" data-start=\"2007\" data-end=\"2057\">\n<p class=\"\" data-start=\"2009\" data-end=\"2057\">Proje belgeleri (Projektna dokumentacija),<\/p>\n<\/li>\n<li class=\"\" data-start=\"2058\" data-end=\"2118\">\n<p class=\"\" data-start=\"2060\" data-end=\"2118\">Son de\u011ferleme raporu (Poslednji izvje\u0161taj procjene),<\/p>\n<\/li>\n<li class=\"\" data-start=\"2119\" data-end=\"2209\">\n<p class=\"\" data-start=\"2121\" data-end=\"2209\">Son \u00fc\u00e7 y\u0131la ait finansal raporlar (ta\u015f\u0131nmaz\u0131n \u015firket m\u00fclkiyetinde olmas\u0131 halinde).<\/p>\n<\/li>\n<\/ul>\n<\/div>[vc_empty_space][\/vc_column][\/vc_row][vc_row][vc_column][vc_btn title=&#8221;ONLINE BA\u015eVURU \u2013 GAYR\u0130MENKUL DE\u011eERLEME H\u0130ZMETLER\u0130&#8221; color=&#8221;peacoc&#8221; align=&#8221;center&#8221; link=&#8221;url:https%3A%2F%2Fprocjenitelji.me%2Ftr%2Fgayrimenkul-degerleme-talebi%2F%3Fpreview_id%3D5794%26preview_nonce%3D7c1d3cc0bd%26_thumbnail_id%3D-1%26preview%3Dtrue|title:https%3A%2F%2Fprocjenitelji.me%2Fzahtjev-za-procjenu-vrijednosti-nekretnina%2F&#8221;][\/vc_column][\/vc_row]<\/p>\n<\/section>","protected":false},"excerpt":{"rendered":"<p>[vc_row][vc_column][vc_column_text][\/vc_column_text][vc_empty_space][\/vc_column][\/vc_row][vc_row][vc_column][vc_column_text] Ta\u015f\u0131nmaz de\u011ferleme hizmetlerimizi, Varl\u0131k De\u011ferleme Metodolojisi Y\u00f6netmeli\u011fi\u2019ne uygun olarak ger\u00e7ekle\u015ftiriyoruz. [\/vc_column_text][vc_empty_space][\/vc_column][\/vc_row][vc_row][vc_column][vc_column_text]De\u011ferleme i\u015flemleri, a\u015fa\u011f\u0131daki \u00e7e\u015fitli ama\u00e7lar do\u011frultusunda yap\u0131labilir:[\/vc_column_text][vc_empty_space][\/vc_column][\/vc_row][vc_row][vc_column][vc_empty_space][\/vc_column][\/vc_row][vc_row][vc_column][vc_column_text] De\u011ferleme s\u00fcreci, uzman g\u00f6r\u00fc\u015f\u00fcne dayal\u0131 olarak varl\u0131\u011f\u0131n de\u011ferinin belirlenmesini i\u00e7eren sistematik bir yakla\u015f\u0131md\u0131r ve \u015fu ad\u0131mlardan olu\u015fur: [\/vc_column_text][vc_empty_space][\/vc_column][\/vc_row][vc_row][vc_column][\/vc_column][\/vc_row][vc_row][vc_column][vc_column_text]Pedmeti procjene:[\/vc_column_text][vc_empty_space][\/vc_column][\/vc_row][vc_row][vc_column width=&#8221;1\/3&#8243;][\/vc_column][vc_column width=&#8221;1\/3&#8243;][\/vc_column][vc_column width=&#8221;1\/3&#8243;][\/vc_column][\/vc_row][vc_row][vc_column][vc_empty_space][vc_column_text] De\u011ferleme \u0130\u00e7in Gerekli Belgeler: [\/vc_column_text][\/vc_column][\/vc_row][vc_row][vc_column][vc_empty_space][\/vc_column][\/vc_row][vc_row][vc_column][vc_empty_space][\/vc_column][\/vc_row][vc_row][vc_column][vc_btn title=&#8221;ONLINE BA\u015eVURU \u2013 GAYR\u0130MENKUL DE\u011eERLEME H\u0130ZMETLER\u0130&#8221; color=&#8221;peacoc&#8221; align=&#8221;center&#8221; link=&#8221;url:https%3A%2F%2Fprocjenitelji.me%2Ftr%2Fgayrimenkul-degerleme-talebi%2F%3Fpreview_id%3D5794%26preview_nonce%3D7c1d3cc0bd%26_thumbnail_id%3D-1%26preview%3Dtrue|title:https%3A%2F%2Fprocjenitelji.me%2Fzahtjev-za-procjenu-vrijednosti-nekretnina%2F&#8221;][\/vc_column][\/vc_row]<\/p>\n","protected":false},"author":6,"featured_media":0,"parent":0,"menu_order":0,"comment_status":"closed","ping_status":"closed","template":"","meta":[],"_links":{"self":[{"href":"https:\/\/procjenitelji.me\/tr\/wp-json\/wp\/v2\/pages\/5663"}],"collection":[{"href":"https:\/\/procjenitelji.me\/tr\/wp-json\/wp\/v2\/pages"}],"about":[{"href":"https:\/\/procjenitelji.me\/tr\/wp-json\/wp\/v2\/types\/page"}],"author":[{"embeddable":true,"href":"https:\/\/procjenitelji.me\/tr\/wp-json\/wp\/v2\/users\/6"}],"replies":[{"embeddable":true,"href":"https:\/\/procjenitelji.me\/tr\/wp-json\/wp\/v2\/comments?post=5663"}],"version-history":[{"count":5,"href":"https:\/\/procjenitelji.me\/tr\/wp-json\/wp\/v2\/pages\/5663\/revisions"}],"predecessor-version":[{"id":7989,"href":"https:\/\/procjenitelji.me\/tr\/wp-json\/wp\/v2\/pages\/5663\/revisions\/7989"}],"wp:attachment":[{"href":"https:\/\/procjenitelji.me\/tr\/wp-json\/wp\/v2\/media?parent=5663"}],"curies":[{"name":"wp","href":"https:\/\/api.w.org\/{rel}","templated":true}]}}