{"id":5750,"date":"2021-10-15T13:13:11","date_gmt":"2021-10-15T13:13:11","guid":{"rendered":"https:\/\/procjenitelji.me\/procjena-vrijednosti-poljoprivrednih-dobara-vocarstvo\/"},"modified":"2025-11-07T13:42:14","modified_gmt":"2025-11-07T13:42:14","slug":"tarimsal-mallarin-degerinin-belirlenmesi-meyve-yetistiriciligi","status":"publish","type":"page","link":"https:\/\/procjenitelji.me\/tr\/tarimsal-mallarin-degerinin-belirlenmesi-meyve-yetistiriciligi\/","title":{"rendered":"Tar\u0131msal mallar\u0131n de\u011ferinin belirlenmesi &#8211; meyve yeti\u015ftiricili\u011fi"},"content":{"rendered":"<section class=\"wpb-content-wrapper\"><p>[vc_row][vc_column]<style type=\"text\/css\" data-type=\"the7_shortcodes-inline-css\">.shortcode-single-image-wrap.shortcode-single-image-42a4882ee70efcaa6808918cd1f1e742.enable-bg-rollover .rollover i,\n.shortcode-single-image-wrap.shortcode-single-image-42a4882ee70efcaa6808918cd1f1e742.enable-bg-rollover .rollover-video i {\n  background: -webkit-linear-gradient();\n  background: linear-gradient();\n}\n.shortcode-single-image-wrap.shortcode-single-image-42a4882ee70efcaa6808918cd1f1e742 .rollover-icon {\n  font-size: 32px;\n  color: #ffffff;\n  min-width: 44px;\n  min-height: 44px;\n  line-height: 44px;\n  border-radius: 100px;\n  border-style: solid;\n  border-width: 0px;\n}\n.dt-icon-bg-on.shortcode-single-image-wrap.shortcode-single-image-42a4882ee70efcaa6808918cd1f1e742 .rollover-icon {\n  background: rgba(255,255,255,0.3);\n  box-shadow: none;\n}\n<\/style><div class=\"shortcode-single-image-wrap shortcode-single-image-42a4882ee70efcaa6808918cd1f1e742 alignnone  enable-bg-rollover dt-icon-bg-off\" style=\"margin-top:0px; margin-bottom:0px; margin-left:0px; margin-right:0px; width:1500px;\"><div class=\"shortcode-single-image\"><div class=\"fancy-media-wrap  layzr-bg\" style=\"\"><img class=\"preload-me lazy-load\" src=\"data:image\/svg+xml,%3Csvg%20xmlns%3D&#39;http%3A%2F%2Fwww.w3.org%2F2000%2Fsvg&#39;%20viewBox%3D&#39;0%200%20854%20450&#39;%2F%3E\" data-src=\"https:\/\/procjenitelji.me\/wp-content\/uploads\/2022\/02\/vocarstvo-1-854x450.jpg\" data-srcset=\"https:\/\/procjenitelji.me\/wp-content\/uploads\/2022\/02\/vocarstvo-1-854x450.jpg 854w\" width=\"854\" height=\"450\"  data-dt-location=\"https:\/\/procjenitelji.me\/tr\/procjena-vrijednosti-poljoprivrednih-dobara-vocarstvo\/vocarstvo-1\/\" style=\"\" alt=\"\" \/><\/div><\/div><\/div>[vc_column_text][\/vc_column_text][vc_row_inner][vc_column_inner][\/vc_column_inner][\/vc_row_inner][vc_empty_space][vc_column_text]<\/p>\n<p class=\"\" style=\"text-align: justify;\" data-start=\"0\" data-end=\"88\">Karada\u011f&#8217;da, geleneksel meyve bah\u00e7eleri hala hakimdir, \u00f6zellikle \u00fclkenin i\u00e7 kesimlerinde.<\/p>\n<p class=\"\" style=\"text-align: justify;\" data-start=\"90\" data-end=\"286\">Meyvecilik, tar\u0131m\u0131n en karl\u0131 dallar\u0131ndan biridir. Sadece modern ve yo\u011fun meyve \u00fcretimi iyi sonu\u00e7lar, y\u00fcksek verim ve kaliteli \u00fcr\u00fcnler elde edebilir, bu da pazarda tatmin edici bir sat\u0131\u015fa yol a\u00e7ar.<\/p>\n<p>[\/vc_column_text][vc_column_text]<\/p>\n<p class=\"\" style=\"text-align: justify;\" data-start=\"0\" data-end=\"172\">Meyve ve \u00fcz\u00fcm ba\u011flar\u0131n\u0131n de\u011ferleme i\u015flemi, uzmanl\u0131k prati\u011finde en karma\u015f\u0131k ve en sorumlu i\u015flerden biridir ve bu i\u015flem i\u00e7in bilgi ve uzun y\u0131llara dayanan deneyim gereklidir.<\/p>\n<p class=\"\" style=\"text-align: justify;\" data-start=\"174\" data-end=\"252\"><strong>Meyve ve \u00fcz\u00fcm ba\u011flar\u0131n\u0131n de\u011ferlemesi ihtiyac\u0131 \u015fu ama\u00e7larla ortaya \u00e7\u0131kmaktad\u0131r:<\/strong><\/p>\n<p>[\/vc_column_text][vc_empty_space]<div class=\"standard-arrow list-divider bullet-top\"><ul>\n<li>Finansal raporlama,<\/li>\n<li>al\u0131m sat\u0131m i\u015flemleri,<\/li>\n<li>miras yoluyla m\u00fclkiyet devri,<\/li>\n<li>kamula\u015ft\u0131rma,<\/li>\n<li>toprak d\u00fczenlemesi<\/li>\n<li>ve toprak birle\u015ftirilmesi.<\/li>\n<\/ul>\n<\/div>[vc_column_text]<\/p>\n<p style=\"text-align: justify;\"><strong>De\u011ferlendirme, ayr\u0131ca a\u011fa\u00e7lar\u0131n, \u00e7al\u0131lar\u0131n, asmalar\u0131n veya t\u00fcm bah\u00e7elerin zarar g\u00f6rmesi veya yok olmas\u0131 durumunda, zararl\u0131 etkiler nedeniyle yap\u0131l\u0131r:<\/strong><\/p>\n<p>[\/vc_column_text][vc_empty_space]<div class=\"standard-arrow list-divider bullet-top\"><ul>\n<li class=\"\" data-start=\"70\" data-end=\"155\">\n<p class=\"\" style=\"text-align: justify;\" data-start=\"72\" data-end=\"155\">Dolu, r\u00fczgar, yang\u0131n, sel, evcil hayvanlar, vah\u015fi hayvanlar (yaban tav\u015fan\u0131, geyik);<\/p>\n<\/li>\n<li class=\"\" style=\"text-align: justify;\" data-start=\"156\" data-end=\"255\">\n<p class=\"\" data-start=\"158\" data-end=\"255\">Bireysel bitkilerin veya t\u00fcm bah\u00e7elerin kas\u0131tl\u0131 olarak zarar g\u00f6rmesi veya yok edilmesi durumunda;<\/p>\n<\/li>\n<li class=\"\" style=\"text-align: justify;\" data-start=\"256\" data-end=\"310\">\n<p class=\"\" data-start=\"258\" data-end=\"310\">Sokaklar, yollar, demir yolu hatlar\u0131 in\u015fa edilirken;<\/p>\n<\/li>\n<li class=\"\" data-start=\"311\" data-end=\"492\">\n<p class=\"\" style=\"text-align: justify;\" data-start=\"313\" data-end=\"492\">End\u00fcstriyel tesislerin (fabrika, hidroelektrik santrali, havaalan\u0131) ve toplumsal altyap\u0131 tesislerinin (konut yerle\u015fimleri, okullar, hastaneler, kre\u015fler, stadyumlar vb.) yap\u0131m\u0131nda.<\/p>\n<\/li>\n<\/ul>\n<\/div>[vc_column_text]<\/p>\n<p style=\"text-align: justify;\"><strong>Ya\u015fa g\u00f6re meyve t\u00fcrleri ve \u00fcz\u00fcm ba\u011flar\u0131n\u0131n de\u011ferlendirilme y\u00f6ntemi \u00fc\u00e7 gruba ayr\u0131labilir:<\/strong><\/p>\n<p>[\/vc_column_text][vc_empty_space][vc_column_text]<\/p>\n<ul>\n<li style=\"text-align: justify;\">Yat\u0131r\u0131m d\u00f6nemindeki meyve ve \u00fcz\u00fcm ba\u011flar\u0131 (gen\u00e7 ba\u011flar\u0131n dikimi ve bak\u0131m\u0131);<\/li>\n<li style=\"text-align: justify;\">Tam verim d\u00f6nemindeki meyve ve \u00fcz\u00fcm ba\u011flar\u0131;<\/li>\n<li style=\"text-align: justify;\">Verim d\u00f6neminin yar\u0131s\u0131n\u0131 ge\u00e7mi\u015f meyve ve \u00fcz\u00fcm ba\u011flar\u0131.<\/li>\n<\/ul>\n<p>[\/vc_column_text][vc_empty_space][vc_column_text]<\/p>\n<p style=\"text-align: justify;\">Gen\u00e7 meyve ve \u00fcz\u00fcm ba\u011flar\u0131n\u0131n dikimi ve bak\u0131m\u0131yla ilgili yat\u0131r\u0131m maliyetleri, tam verim d\u00f6nemindeki meyve ve \u00fcz\u00fcm ba\u011flar\u0131n\u0131n ve verim d\u00f6neminin yar\u0131s\u0131n\u0131 ge\u00e7mi\u015f ba\u011flar\u0131n finansal sonu\u00e7lar\u0131n\u0131n de\u011ferlemesine g\u00f6re \u00e7ok daha basit ve g\u00fcvenilir bir \u015fekilde de\u011ferlendirilebilir.<\/p>\n<p>[\/vc_column_text][vc_empty_space][vc_empty_space][\/vc_column][\/vc_row][vc_row][vc_column][vc_btn title=&#8221;ONLINE BA\u015eVURU \u2013 TARIMSAL M\u00dcLK DE\u011eERLEME H\u0130ZMETLER\u0130 (MEYVEC\u0130L\u0130K)&#8221; color=&#8221;peacoc&#8221; align=&#8221;center&#8221; link=&#8221;url:https%3A%2F%2Fprocjenitelji.me%2Ftr%2Ftarimsal-mulklerin-degerinin-belirlenmesi-talebi-meyve-yetistiriciligi%2F|title:Zahtjev%20za%20procjenu%20vrijednosti%20poljoprivrednog%20dobra-vo%C4%87arstvo&#8221;][\/vc_column][\/vc_row]<\/p>\n<\/section>","protected":false},"excerpt":{"rendered":"<p>[vc_row][vc_column][vc_column_text][\/vc_column_text][vc_row_inner][vc_column_inner][\/vc_column_inner][\/vc_row_inner][vc_empty_space][vc_column_text] Karada\u011f&#8217;da, geleneksel meyve bah\u00e7eleri hala hakimdir, \u00f6zellikle \u00fclkenin i\u00e7 kesimlerinde. Meyvecilik, tar\u0131m\u0131n en karl\u0131 dallar\u0131ndan biridir. Sadece modern ve yo\u011fun meyve \u00fcretimi iyi sonu\u00e7lar, y\u00fcksek verim ve kaliteli \u00fcr\u00fcnler elde edebilir, bu da pazarda tatmin edici bir sat\u0131\u015fa yol a\u00e7ar. [\/vc_column_text][vc_column_text] Meyve ve \u00fcz\u00fcm ba\u011flar\u0131n\u0131n de\u011ferleme i\u015flemi, uzmanl\u0131k prati\u011finde en karma\u015f\u0131k ve en sorumlu&hellip;<\/p>\n","protected":false},"author":6,"featured_media":0,"parent":0,"menu_order":0,"comment_status":"closed","ping_status":"closed","template":"","meta":[],"_links":{"self":[{"href":"https:\/\/procjenitelji.me\/tr\/wp-json\/wp\/v2\/pages\/5750"}],"collection":[{"href":"https:\/\/procjenitelji.me\/tr\/wp-json\/wp\/v2\/pages"}],"about":[{"href":"https:\/\/procjenitelji.me\/tr\/wp-json\/wp\/v2\/types\/page"}],"author":[{"embeddable":true,"href":"https:\/\/procjenitelji.me\/tr\/wp-json\/wp\/v2\/users\/6"}],"replies":[{"embeddable":true,"href":"https:\/\/procjenitelji.me\/tr\/wp-json\/wp\/v2\/comments?post=5750"}],"version-history":[{"count":5,"href":"https:\/\/procjenitelji.me\/tr\/wp-json\/wp\/v2\/pages\/5750\/revisions"}],"predecessor-version":[{"id":8005,"href":"https:\/\/procjenitelji.me\/tr\/wp-json\/wp\/v2\/pages\/5750\/revisions\/8005"}],"wp:attachment":[{"href":"https:\/\/procjenitelji.me\/tr\/wp-json\/wp\/v2\/media?parent=5750"}],"curies":[{"name":"wp","href":"https:\/\/api.w.org\/{rel}","templated":true}]}}